{"id":2493,"date":"2025-04-27T09:43:23","date_gmt":"2025-04-27T09:43:23","guid":{"rendered":"https:\/\/art99.org\/?page_id=2493"},"modified":"2025-06-14T20:37:12","modified_gmt":"2025-06-14T20:37:12","slug":"vida","status":"publish","type":"page","link":"https:\/\/art99.org\/?page_id=2493&lang=es","title":{"rendered":"Vida"},"content":{"rendered":"\t\t<div data-elementor-type=\"wp-page\" data-elementor-id=\"2493\" class=\"elementor elementor-2493 elementor-213\" data-elementor-post-type=\"page\">\n\t\t\t\t<div class=\"elementor-element elementor-element-7eb2179 e-flex e-con-boxed e-con e-parent\" data-id=\"7eb2179\" data-element_type=\"container\">\n\t\t\t\t\t<div class=\"e-con-inner\">\n\t\t\t\t<div class=\"elementor-element elementor-element-fbd44b2 elementor-widget elementor-widget-image\" data-id=\"fbd44b2\" data-element_type=\"widget\" data-widget_type=\"image.default\">\n\t\t\t\t<div class=\"elementor-widget-container\">\n\t\t\t\t\t\t\t\t\t\t\t\t\t\t\t<img fetchpriority=\"high\" decoding=\"async\" width=\"816\" height=\"459\" src=\"https:\/\/art99.org\/wp-content\/uploads\/2025\/04\/paint_effect_1514396430339.jpg\" class=\"attachment-2048x2048 size-2048x2048 wp-image-1397\" alt=\"\" srcset=\"https:\/\/art99.org\/wp-content\/uploads\/2025\/04\/paint_effect_1514396430339.jpg 816w, https:\/\/art99.org\/wp-content\/uploads\/2025\/04\/paint_effect_1514396430339-300x169.jpg 300w, https:\/\/art99.org\/wp-content\/uploads\/2025\/04\/paint_effect_1514396430339-768x432.jpg 768w\" sizes=\"(max-width: 816px) 100vw, 816px\" \/>\t\t\t\t\t\t\t\t\t\t\t\t\t\t\t<\/div>\n\t\t\t\t<\/div>\n\t\t\t\t\t<\/div>\n\t\t\t\t<\/div>\n\t\t<div class=\"elementor-element elementor-element-f7ac0c2 e-flex e-con-boxed e-con e-parent\" data-id=\"f7ac0c2\" data-element_type=\"container\">\n\t\t\t\t\t<div class=\"e-con-inner\">\n\t\t\t\t<div class=\"elementor-element elementor-element-07d5f29 elementor-widget elementor-widget-text-editor\" data-id=\"07d5f29\" data-element_type=\"widget\" data-widget_type=\"text-editor.default\">\n\t\t\t\t<div class=\"elementor-widget-container\">\n\t\t\t\t\t\t\t\t\t<p>Nac\u00ed y crec\u00ed<\/p><p>en la Selva Negra.<\/p><p>Conectado con la naturaleza<\/p><p>y las estaciones,<\/p><p>tuve una hermosa infancia.<\/p><p>Despu\u00e9s de una formaci\u00f3n<\/p><p>como tallador de madera,<\/p><p>estudi\u00e9 escultura<\/p><p>durante 6 a\u00f1os<\/p><p>con el profesor Klaus Ringwald. <\/p><p>Este per\u00edodo me form\u00f3<\/p><p>y me prepar\u00f3<\/p><p>para una vida en la que <\/p><p>mi arte<\/p><p>siempre estuvo en el centro<\/p><p>de todo.<\/p><p> <\/p>\t\t\t\t\t\t\t\t<\/div>\n\t\t\t\t<\/div>\n\t\t\t\t\t<\/div>\n\t\t\t\t<\/div>\n\t\t<div class=\"elementor-element elementor-element-d0bd155 e-flex e-con-boxed e-con e-parent\" data-id=\"d0bd155\" data-element_type=\"container\">\n\t\t\t\t\t<div class=\"e-con-inner\">\n\t\t\t\t<div class=\"elementor-element elementor-element-ccb3fd4 elementor-widget elementor-widget-image\" data-id=\"ccb3fd4\" data-element_type=\"widget\" data-widget_type=\"image.default\">\n\t\t\t\t<div class=\"elementor-widget-container\">\n\t\t\t\t\t\t\t\t\t\t\t\t\t\t\t<img decoding=\"async\" width=\"1024\" height=\"768\" src=\"https:\/\/art99.org\/wp-content\/uploads\/2025\/05\/me-1024x768.jpg\" class=\"attachment-large size-large wp-image-2114\" alt=\"\" srcset=\"https:\/\/art99.org\/wp-content\/uploads\/2025\/05\/me-1024x768.jpg 1024w, https:\/\/art99.org\/wp-content\/uploads\/2025\/05\/me-300x225.jpg 300w, https:\/\/art99.org\/wp-content\/uploads\/2025\/05\/me-768x576.jpg 768w, https:\/\/art99.org\/wp-content\/uploads\/2025\/05\/me-1536x1152.jpg 1536w, https:\/\/art99.org\/wp-content\/uploads\/2025\/05\/me-2048x1536.jpg 2048w\" sizes=\"(max-width: 1024px) 100vw, 1024px\" \/>\t\t\t\t\t\t\t\t\t\t\t\t\t\t\t<\/div>\n\t\t\t\t<\/div>\n\t\t\t\t<div class=\"elementor-element elementor-element-2da6ae4 elementor-widget elementor-widget-text-editor\" data-id=\"2da6ae4\" data-element_type=\"widget\" data-widget_type=\"text-editor.default\">\n\t\t\t\t<div class=\"elementor-widget-container\">\n\t\t\t\t\t\t\t\t\t<p>En 1995 aprend\u00ed a tatuar<\/p><p>en Hamburgo\/Reeperbahn.<\/p><p>Comenz\u00f3 una \u00e9poca<\/p><p>salvaje e interesante.<\/p><p>Conoc\u00ed a mucha gente<\/p><p>y fui invitado<\/p><p>a participar en la primera convenci\u00f3n de tatuajes<\/p><p>en Toronto, Canad\u00e1,<\/p><p>en 1998.<\/p><p>La Northern Ink Expo<\/p><p>a\u00fan existe.<\/p>\t\t\t\t\t\t\t\t<\/div>\n\t\t\t\t<\/div>\n\t\t\t\t\t<\/div>\n\t\t\t\t<\/div>\n\t\t<div class=\"elementor-element elementor-element-54f4876 e-flex e-con-boxed e-con e-parent\" data-id=\"54f4876\" data-element_type=\"container\">\n\t\t\t\t\t<div class=\"e-con-inner\">\n\t\t\t\t<div class=\"elementor-element elementor-element-ba9c3d9 elementor-widget elementor-widget-text-editor\" data-id=\"ba9c3d9\" data-element_type=\"widget\" data-widget_type=\"text-editor.default\">\n\t\t\t\t<div class=\"elementor-widget-container\">\n\t\t\t\t\t\t\t\t\t<p>A partir de 1999,<\/p><p>viaj\u00e9 mucho y<\/p><p>me qued\u00e9 por un tiempo prolongado<\/p><p>en Costa Rica.<\/p><p>All\u00ed pude estudiar<\/p><p>y experimentar<\/p><p>las olas del Pac\u00edfico<\/p><p>todos los d\u00edas en la playa.<\/p><p> <\/p><p> <\/p><p> <\/p>\t\t\t\t\t\t\t\t<\/div>\n\t\t\t\t<\/div>\n\t\t\t\t\t<\/div>\n\t\t\t\t<\/div>\n\t\t<div class=\"elementor-element elementor-element-3988bd0 e-flex e-con-boxed e-con e-parent\" data-id=\"3988bd0\" data-element_type=\"container\">\n\t\t\t\t\t<div class=\"e-con-inner\">\n\t\t\t\t<div class=\"elementor-element elementor-element-10670a9 elementor-widget elementor-widget-image\" data-id=\"10670a9\" data-element_type=\"widget\" data-widget_type=\"image.default\">\n\t\t\t\t<div class=\"elementor-widget-container\">\n\t\t\t\t\t\t\t\t\t\t\t\t\t\t\t<img decoding=\"async\" width=\"1024\" height=\"668\" src=\"https:\/\/art99.org\/wp-content\/uploads\/2025\/05\/IMG_20250514_143200_edit_481097989204190-1024x668.jpg\" class=\"attachment-large size-large wp-image-2174\" alt=\"\" srcset=\"https:\/\/art99.org\/wp-content\/uploads\/2025\/05\/IMG_20250514_143200_edit_481097989204190-1024x668.jpg 1024w, https:\/\/art99.org\/wp-content\/uploads\/2025\/05\/IMG_20250514_143200_edit_481097989204190-300x196.jpg 300w, https:\/\/art99.org\/wp-content\/uploads\/2025\/05\/IMG_20250514_143200_edit_481097989204190-768x501.jpg 768w, https:\/\/art99.org\/wp-content\/uploads\/2025\/05\/IMG_20250514_143200_edit_481097989204190-1536x1002.jpg 1536w, https:\/\/art99.org\/wp-content\/uploads\/2025\/05\/IMG_20250514_143200_edit_481097989204190-2048x1336.jpg 2048w\" sizes=\"(max-width: 1024px) 100vw, 1024px\" \/>\t\t\t\t\t\t\t\t\t\t\t\t\t\t\t<\/div>\n\t\t\t\t<\/div>\n\t\t\t\t<div class=\"elementor-element elementor-element-074f3a4 elementor-widget elementor-widget-text-editor\" data-id=\"074f3a4\" data-element_type=\"widget\" data-widget_type=\"text-editor.default\">\n\t\t\t\t<div class=\"elementor-widget-container\">\n\t\t\t\t\t\t\t\t\t<p>En alg\u00fan momento regres\u00e9.<\/p><p>All\u00ed conoc\u00ed<\/p><p>a mi esposa.<\/p><p> <\/p><p>Juntos nos mudamos<\/p><p>a La Palma en 2008.<\/p><p>Hoy vivimos en Tenerife.<\/p><p>Dedico mucho tiempo<\/p><p>a la pintura y <\/p><p>puedo vender mis obras de arte<\/p><p>en todo el mundo.<\/p><p><\/p><p>Si usted tambi\u00e9n ha descubierto<\/p><p>una hermosa pintura<\/p><p>que desea adquirir,<\/p><p>no dude en contactarme.<\/p><p> <\/p><p> <\/p><p> <\/p><p> <\/p><p> <\/p>\t\t\t\t\t\t\t\t<\/div>\n\t\t\t\t<\/div>\n\t\t\t\t<div class=\"elementor-element elementor-element-80e1ae8 elementor-widget elementor-widget-image\" data-id=\"80e1ae8\" data-element_type=\"widget\" data-widget_type=\"image.default\">\n\t\t\t\t<div class=\"elementor-widget-container\">\n\t\t\t\t\t\t\t\t\t\t\t\t\t\t\t<img loading=\"lazy\" decoding=\"async\" width=\"1024\" height=\"1024\" src=\"https:\/\/art99.org\/wp-content\/uploads\/2025\/04\/IMG_1984-1024x1024.jpg\" class=\"attachment-large size-large wp-image-1376\" alt=\"\" srcset=\"https:\/\/art99.org\/wp-content\/uploads\/2025\/04\/IMG_1984-1024x1024.jpg 1024w, https:\/\/art99.org\/wp-content\/uploads\/2025\/04\/IMG_1984-300x300.jpg 300w, https:\/\/art99.org\/wp-content\/uploads\/2025\/04\/IMG_1984-150x150.jpg 150w, https:\/\/art99.org\/wp-content\/uploads\/2025\/04\/IMG_1984-768x768.jpg 768w, https:\/\/art99.org\/wp-content\/uploads\/2025\/04\/IMG_1984.jpg 1080w\" sizes=\"(max-width: 1024px) 100vw, 1024px\" \/>\t\t\t\t\t\t\t\t\t\t\t\t\t\t\t<\/div>\n\t\t\t\t<\/div>\n\t\t\t\t\t<\/div>\n\t\t\t\t<\/div>\n\t\t<div class=\"elementor-element elementor-element-4d147b4 e-flex e-con-boxed e-con e-parent\" data-id=\"4d147b4\" data-element_type=\"container\">\n\t\t\t\t\t<div class=\"e-con-inner\">\n\t\t\t\t<div class=\"elementor-element elementor-element-5edfc12 elementor-align-center elementor-widget elementor-widget-button\" data-id=\"5edfc12\" data-element_type=\"widget\" data-widget_type=\"button.default\">\n\t\t\t\t<div class=\"elementor-widget-container\">\n\t\t\t\t\t\t\t\t\t<div class=\"elementor-button-wrapper\">\n\t\t\t\t\t<a class=\"elementor-button elementor-button-link elementor-size-sm\" href=\"#\">\n\t\t\t\t\t\t<span class=\"elementor-button-content-wrapper\">\n\t\t\t\t\t\t\t\t\t<span class=\"elementor-button-text\">Volver<\/span>\n\t\t\t\t\t<\/span>\n\t\t\t\t\t<\/a>\n\t\t\t\t<\/div>\n\t\t\t\t\t\t\t\t<\/div>\n\t\t\t\t<\/div>\n\t\t\t\t\t<\/div>\n\t\t\t\t<\/div>\n\t\t\t\t<\/div>\n\t\t","protected":false},"excerpt":{"rendered":"<p>Nac\u00ed y crec\u00ed en la Selva Negra. Conectado con la naturaleza y las estaciones, tuve una hermosa infancia. Despu\u00e9s de una formaci\u00f3n como tallador de madera, estudi\u00e9 escultura durante 6 a\u00f1os con el profesor Klaus Ringwald. Este per\u00edodo me form\u00f3 y me prepar\u00f3 para una vida en la que mi arte siempre estuvo en el [&hellip;]<\/p>\n","protected":false},"author":1,"featured_media":0,"parent":0,"menu_order":0,"comment_status":"closed","ping_status":"closed","template":"","meta":{"footnotes":""},"class_list":["post-2493","page","type-page","status-publish","hentry"],"_links":{"self":[{"href":"https:\/\/art99.org\/index.php?rest_route=\/wp\/v2\/pages\/2493","targetHints":{"allow":["GET"]}}],"collection":[{"href":"https:\/\/art99.org\/index.php?rest_route=\/wp\/v2\/pages"}],"about":[{"href":"https:\/\/art99.org\/index.php?rest_route=\/wp\/v2\/types\/page"}],"author":[{"embeddable":true,"href":"https:\/\/art99.org\/index.php?rest_route=\/wp\/v2\/users\/1"}],"replies":[{"embeddable":true,"href":"https:\/\/art99.org\/index.php?rest_route=%2Fwp%2Fv2%2Fcomments&post=2493"}],"version-history":[{"count":1,"href":"https:\/\/art99.org\/index.php?rest_route=\/wp\/v2\/pages\/2493\/revisions"}],"predecessor-version":[{"id":2494,"href":"https:\/\/art99.org\/index.php?rest_route=\/wp\/v2\/pages\/2493\/revisions\/2494"}],"wp:attachment":[{"href":"https:\/\/art99.org\/index.php?rest_route=%2Fwp%2Fv2%2Fmedia&parent=2493"}],"curies":[{"name":"wp","href":"https:\/\/api.w.org\/{rel}","templated":true}]}}